{"id":406,"date":"2014-06-09T02:59:29","date_gmt":"2014-06-09T02:59:29","guid":{"rendered":"http:\/\/nmt82.joomexp.com\/wp-nuvo\/?page_id=5"},"modified":"2019-03-15T09:16:41","modified_gmt":"2019-03-15T14:16:41","slug":"nosotros","status":"publish","type":"page","link":"https:\/\/laparrillademarcos.com.co\/home\/nosotros\/","title":{"rendered":"Nosotros"},"content":{"rendered":"<div class=\"wpb-content-wrapper\">[vc_row full_width=\u00bbstretch_row\u00bb type=\u00bbww-custom\u00bb bg_video_transparent=\u00bb0.3&#8243; bg_video_src_webm=\u00bbhttp:\/\/www.red-ferndevelopment.co.uk\/NUVOVideo.webm\u00bb bg_video_color=\u00bb#000000&#8243; parallax_speed=\u00bb0.8&#8243; css=\u00bb.vc_custom_1552655330461{padding-top: 310px !important;padding-bottom: 310px !important;background-image: url(http:\/\/laparrillademarcos.com.co\/home\/wp-content\/uploads\/2019\/03\/parrilla-compressor.jpg?id=6449) !important;}\u00bb][vc_column][vc_custom_heading text=\u00bbSOMOS LA PARRILLA DE MARCOS\u00bb font_container=\u00bbtag:h1|font_size:40px|text_align:center\u00bb google_fonts=\u00bbfont_family:Playfair%20Display%20SC%3Aregular%2Citalic%2C700%2C700italic%2C900%2C900italic|font_style:400%20regular%3A400%3Anormal\u00bb][vc_custom_heading text=\u00bbHEMOS CREADO PLATOS EXQUISITOS POR M\u00c1S DE 35 A\u00d1OS\u00bb font_container=\u00bbtag:h1|font_size:25px|text_align:center|color:%23ffffff\u00bb][\/vc_column][\/vc_row][vc_row full_width=\u00bbfalse\u00bb css=\u00bb.vc_custom_1411468502120{padding-top: 80px !important;padding-bottom: 80px !important;}\u00bb parallax_speed=\u00bb0.8&#8243; bg_video_transparent=\u00bb0&#8243;][vc_column width=\u00bb1\/2&#8243;][vc_custom_heading text=\u00bbDesde 1981&#8243; font_container=\u00bbtag:h1|font_size:40px|text_align:center|color:%23c79c60|line_height:96px\u00bb google_fonts=\u00bbfont_family:Lora%3Aregular%2Citalic%2C700%2C700italic|font_style:400%20italic%3A400%3Aitalic\u00bb][vc_column_text]<strong>Marcos Restaurante Bar, Marcos 1981 Bar, ahora la Terraza de Marcos y el Restaurante la Parrilla de Marcos<\/strong>, son nombres inspirado en su creador, un espa\u00f1ol que se radic\u00f3 en la ciudad de Ibagu\u00e9, en la d\u00e9cada de los 80\u00b4s, enamorado de este pa\u00eds y de la ciudad musical de Colombia, que ha visto crecer a trav\u00e9s del tiempo Su trabajo se ha destacado por una continua innovaci\u00f3n, excelente calidad y una amabilidad caracter\u00edstica de \u00e9l, cualidades que ha transmitido a todas las personas que lo acompa\u00f1an en este proyecto.<br \/>\nSu propuesta culinaria sintetiza la experiencia de a\u00f1os, a trav\u00e9s de la cual ha recatado nuestra cultura gastron\u00f3mica, mezclando productos que nos brinda la tierra y los mares colombianos, manjares que transforma en platos a nivel internacional, que satisfacen el gusto de todos nuestro visitantes.[\/vc_column_text][\/vc_column][vc_column width=\u00bb1\/2&#8243;][vc_single_image image=\u00bb5278&#8243; img_size=\u00bb533 \u00d7 595&#8243; alignment=\u00bbcenter\u00bb][\/vc_column][\/vc_row][vc_row full_width=\u00bbstretch_row\u00bb parallax=\u00bbcontent-moving-fade\u00bb parallax_image=\u00bb5340&#8243; parallax_speed_bg=\u00bb3&#8243; el_class=\u00bbrow-overlay\u00bb parallax_speed=\u00bb0.8&#8243; bg_video_transparent=\u00bb0.6&#8243; css=\u00bb.vc_custom_1548516646266{padding-top: 150px !important;padding-bottom: 150px !important;background-color: rgba(0,0,0,0.6) !important;*background-color: rgb(0,0,0) !important;}\u00bb type=\u00bbww-custom\u00bb enable_parallax=\u00bbfalse\u00bb bg_video_color=\u00bb#000000&#8243;][vc_column][vc_custom_heading text=\u00bbEn nuestra parrilla al carb\u00f3n\u00bb font_container=\u00bbtag:h1|font_size:40px|text_align:center|color:%23ffffff|line_height:66px\u00bb google_fonts=\u00bbfont_family:Lora%3Aregular%2Citalic%2C700%2C700italic|font_style:400%20italic%3A400%3Aitalic\u00bb][vc_custom_heading text=\u00bbse manejan carnes, pescados y mariscos de alta calidad\u00bb font_container=\u00bbtag:p|font_size:24px|text_align:center|color:%23ffffff\u00bb google_fonts=\u00bbfont_family:Lora%3Aregular%2Citalic%2C700%2C700italic|font_style:400%20regular%3A400%3Anormal\u00bb][\/vc_column][\/vc_row][vc_row full_width=\u00bbfalse\u00bb css=\u00bb.vc_custom_1411468502120{padding-top: 80px !important;padding-bottom: 80px !important;}\u00bb parallax_speed=\u00bb0.8&#8243; bg_video_transparent=\u00bb0&#8243;][vc_column width=\u00bb1\/2&#8243;][vc_single_image image=\u00bb5336&#8243; img_size=\u00bb533 \u00d7 595&#8243; alignment=\u00bbcenter\u00bb][\/vc_column][vc_column width=\u00bb1\/2&#8243;][vc_column_text]El Se\u00f1or\u00a0<strong>MARCOS SANCHEZ BLANCO<\/strong>\u00a0de nacionalidad espa\u00f1ola, desde muy joven comenz\u00f3 a trabajar en el \u00e1rea hotelera de Salamanca y Madrid ( Espa\u00f1a), en el a\u00f1o de 1980 se radic\u00f3 en la ciudad de Ibagu\u00e9, en el a\u00f1o de 1981 cre\u00f3 el restaurante\u00a0<strong>LA PARRILLA DE MARCOS,<\/strong>\u00a0que inicialmente funcion\u00f3 en la calle 12 con carrera 3\u00aa,durante varios a\u00f1os.<\/p>\n<p>En la actualidad se encuentra funcionando en la carrera 5\u00aa entre calles 64 y 65 contiguo a Arkacentro, tienen una trayectoria de m\u00e1s de 30 a\u00f1os en esta ciudad, destac\u00e1ndose por su innovaci\u00f3n culinaria donde la calidad de sus platos le ha dado reconocimiento nacional e internacional. Ofrece una gran variedad de platos principalmente carnes a la parrilla, logrando una interesante fusi\u00f3n con los sabores del mundo utilizando nuestros productos que enriquecen y exaltan la comida colombiana, dando origen a la mejor comida de la regi\u00f3n, en un ambiente de distinci\u00f3n y sobriedad para el deleite de su paladar.[\/vc_column_text][\/vc_column][\/vc_row]\n<\/div>","protected":false},"excerpt":{"rendered":"<p>[vc_row full_width=\u00bbstretch_row\u00bb type=\u00bbww-custom\u00bb bg_video_transparent=\u00bb0.3&#8243; bg_video_src_webm=\u00bbhttp:\/\/www.red-ferndevelopment.co.uk\/NUVOVideo.webm\u00bb bg_video_color=\u00bb#000000&#8243; parallax_speed=\u00bb0.8&#8243; css=\u00bb.vc_custom_1552655330461{padding-top: 310px !important;padding-bottom: 310px !important;background-image: url(http:\/\/laparrillademarcos.com.co\/home\/wp-content\/uploads\/2019\/03\/parrilla-compressor.jpg?id=6449) !important;}\u00bb][vc_column][vc_custom_heading text=\u00bbSOMOS LA PARRILLA DE MARCOS\u00bb font_container=\u00bbtag:h1|font_size:40px|text_align:center\u00bb google_fonts=\u00bbfont_family:Playfair%20Display%20SC%3Aregular%2Citalic%2C700%2C700italic%2C900%2C900italic|font_style:400%20regular%3A400%3Anormal\u00bb][vc_custom_heading text=\u00bbHEMOS CREADO PLATOS EXQUISITOS POR M\u00c1S DE 35 A\u00d1OS\u00bb font_container=\u00bbtag:h1|font_size:25px|text_align:center|color:%23ffffff\u00bb][\/vc_column][\/vc_row][vc_row full_width=\u00bbfalse\u00bb css=\u00bb.vc_custom_1411468502120{padding-top: 80px !important;padding-bottom: 80px !important;}\u00bb parallax_speed=\u00bb0.8&#8243; bg_video_transparent=\u00bb0&#8243;][vc_column width=\u00bb1\/2&#8243;][vc_custom_heading text=\u00bbDesde 1981&#8243; font_container=\u00bbtag:h1|font_size:40px|text_align:center|color:%23c79c60|line_height:96px\u00bb google_fonts=\u00bbfont_family:Lora%3Aregular%2Citalic%2C700%2C700italic|font_style:400%20italic%3A400%3Aitalic\u00bb][vc_column_text]Marcos Restaurante Bar, Marcos 1981 Bar, ahora la Terraza de Marcos y [&hellip;]<\/p>\n","protected":false},"author":1,"featured_media":0,"parent":0,"menu_order":0,"comment_status":"closed","ping_status":"open","template":"","meta":{"footnotes":""},"class_list":["post-406","page","type-page","status-publish","hentry"],"jetpack_sharing_enabled":true,"_links":{"self":[{"href":"https:\/\/laparrillademarcos.com.co\/home\/wp-json\/wp\/v2\/pages\/406"}],"collection":[{"href":"https:\/\/laparrillademarcos.com.co\/home\/wp-json\/wp\/v2\/pages"}],"about":[{"href":"https:\/\/laparrillademarcos.com.co\/home\/wp-json\/wp\/v2\/types\/page"}],"author":[{"embeddable":true,"href":"https:\/\/laparrillademarcos.com.co\/home\/wp-json\/wp\/v2\/users\/1"}],"replies":[{"embeddable":true,"href":"https:\/\/laparrillademarcos.com.co\/home\/wp-json\/wp\/v2\/comments?post=406"}],"version-history":[{"count":14,"href":"https:\/\/laparrillademarcos.com.co\/home\/wp-json\/wp\/v2\/pages\/406\/revisions"}],"predecessor-version":[{"id":6450,"href":"https:\/\/laparrillademarcos.com.co\/home\/wp-json\/wp\/v2\/pages\/406\/revisions\/6450"}],"wp:attachment":[{"href":"https:\/\/laparrillademarcos.com.co\/home\/wp-json\/wp\/v2\/media?parent=406"}],"curies":[{"name":"wp","href":"https:\/\/api.w.org\/{rel}","templated":true}]}}